{"id":78,"date":"2022-11-03T17:37:29","date_gmt":"2022-11-03T20:37:29","guid":{"rendered":"http:\/\/jardinmacarena.cl\/jardin\/?page_id=78"},"modified":"2023-04-23T18:06:33","modified_gmt":"2023-04-23T21:06:33","slug":"nuestro-proyecto","status":"publish","type":"page","link":"http:\/\/jardinmacarena.cl\/jardin\/nuestro-proyecto\/","title":{"rendered":"Nuestro Proyecto"},"content":{"rendered":"\t\t<div data-elementor-type=\"wp-page\" data-elementor-id=\"78\" class=\"elementor elementor-78\">\n\t\t\t\t\t\t<section class=\"elementor-section elementor-top-section elementor-element elementor-element-9bde8cd elementor-section-boxed elementor-section-height-default elementor-section-height-default\" data-id=\"9bde8cd\" data-element_type=\"section\" data-e-type=\"section\">\n\t\t\t\t\t\t<div class=\"elementor-container elementor-column-gap-default\">\n\t\t\t\t\t<div class=\"elementor-column elementor-col-100 elementor-top-column elementor-element elementor-element-b550193\" data-id=\"b550193\" data-element_type=\"column\" data-e-type=\"column\">\n\t\t\t<div class=\"elementor-widget-wrap elementor-element-populated\">\n\t\t\t\t\t\t<div class=\"elementor-element elementor-element-08603fa elementor-widget elementor-widget-text-editor\" data-id=\"08603fa\" data-element_type=\"widget\" data-e-type=\"widget\" data-widget_type=\"text-editor.default\">\n\t\t\t\t<div class=\"elementor-widget-container\">\n\t\t\t\t\t\t\t\t\t<div>\n<div>\n<article>\n<div>\n<p><span style=\"color: #008000;\"><strong>\u00bfQui\u00e9nes somos?<\/strong><\/span><\/p>\n<p><span style=\"color: #000080;\">Un jard\u00edn innovador, din\u00e1mico y con un marcado acento en la Educaci\u00f3n de p\u00e1rvulos.<\/span><\/p>\n<p><span style=\"color: #000080;\">Nacimos hace 31 a\u00f1os teniendo como misi\u00f3n apoyar activamente en la ense\u00f1anza, ayudando a los padres y p\u00e1rvulos de la comuna a lograr sus objetivos.<\/span><\/p>\n<p><span style=\"color: #000080;\">Somos un Jard\u00edn Infantil que abre sus puertas a todos quienes quieran conocernos.<\/span><\/p>\n<p><span style=\"color: #008000;\"><strong>\u00bfQu\u00e9 ofrecemos?<\/strong><\/span><\/p>\n<p><span style=\"color: #000080;\">Todo lo necesario para que tu hijo quede en un \u201cMundo Infantil\u201d dentro de un ambiente c\u00e1lido, c\u00f3modo y motivador, con las condiciones adecuadas de seguridad, bienestar, protecci\u00f3n y con un equipo profesional consolidado y preocupado de una Educaci\u00f3n de calidad.<\/span><\/p>\n<p><span style=\"color: #008000;\"><strong>\u00bfA que nos comprometemos?<\/strong><\/span><\/p>\n<p><span style=\"color: #000080;\">A formar ni\u00f1os felices; que aprendan a convivir con otros ni\u00f1os y adultos compartiendo momentos de juego y actividades dirigidas al desarrollo de su identidad.<\/span><\/p>\n<p><span style=\"color: #008000;\"><strong>Los grupos que atendemos:<\/strong><\/span><\/p>\n<p><span style=\"color: #000080;\">Sala cuna menor de 152 d\u00edas a un a\u00f1o.<\/span><\/p>\n<\/div>\n<div><span style=\"color: #000080;\">Sala cuna mayor de 1 a 2 a\u00f1os.<\/span><\/div>\n<div><span style=\"color: #000080;\">Nivel medio menor de 2 a 3 a\u00f1os.<\/span><\/div>\n<div>\n<p><span style=\"color: #000080;\">Niveles de transici\u00f3n: 4 a 6 a\u00f1os.<\/span><\/p>\n<p><span style=\"color: #000080;\">(Pre-Kinder y Kinder)<\/span><\/p>\n<p><span style=\"color: #008000;\"><strong>Horario de FUNCIONAMEINTO:<\/strong><\/span><br><span style=\"color: #000080;\">Lunes a Viernes 08:00 a 18:00 HRS.<\/span><br><\/p>\n<p><span style=\"color: #008000;\"><strong>Contamos con<\/strong><\/span><\/p>\n<p><span style=\"color: #000080;\">Autorizaci\u00f3n&nbsp; Normativa para Jard\u00edn y sala cuna.<\/span><\/p>\n<p><span style=\"color: #000080;\">Profesionales id\u00f3neas y estables&nbsp; que conforman un consolidado equipo de trabajo.<\/span><\/p>\n<p><span style=\"color: #000080;\">Infraestructura adecuada al trabajo diario con los ni\u00f1os<\/span><\/p>\n<p><span style=\"color: #000080;\">900 mts 2 de patio para el entretenimiento de los ni\u00f1os y un gran patio techado para Sala Cuna y niveles medios.<\/span><\/p>\n<p><span style=\"color: #000080;\">Talleres extra program\u00e1ticos de tipo YOGA, Taekwondo , ballet, polideportivo<\/span><\/p>\n<p><span style=\"color: #000080;\">Ingles b\u00e1sico desde nivel Medio Menor<\/span><\/p>\n<p><span style=\"color: #000080;\">Clases de Educaci\u00f3n f\u00edsica semanal<\/span><\/p>\n<p><span style=\"color: #000080;\">Atenci\u00f3n fonoaudiol\u00f3gica y terapeuta ocupacional.<\/span><\/p>\n<p><span style=\"color: #000080;\">Alimentaci\u00f3n planificada por nutricionista de forma mensual.<\/span><\/p>\n<p><span style=\"color: #000080;\">Actividades familiares organizadas por Centro de Padres y &nbsp;T\u00edas tales como Bingos, Kermesse, pe\u00f1as etc.<\/span><\/p>\n<p><span style=\"color: #000080;\">Celebraci\u00f3n de cumplea\u00f1os&nbsp; dos modalidades:<\/span><\/p>\n<ul>\n<li><span style=\"color: #000080;\">Con su grupo curso en horario de actividades.<\/span><\/li>\n<li><span style=\"color: #000080;\">A trav\u00e9s del arriendo del Jard\u00edn los fines de semana exclusivo para Apoderados.<\/span><\/li>\n<\/ul>\n<\/div>\n<\/article>\n<\/div>\n<\/div>\t\t\t\t\t\t\t\t<\/div>\n\t\t\t\t<\/div>\n\t\t\t\t\t<\/div>\n\t\t<\/div>\n\t\t\t\t\t<\/div>\n\t\t<\/section>\n\t\t\t\t<\/div>\n\t\t","protected":false},"excerpt":{"rendered":"<p>\u00bfQui\u00e9nes somos? Un jard\u00edn innovador, din\u00e1mico y con un marcado acento en la Educaci\u00f3n de p\u00e1rvulos. Nacimos hace 31 a\u00f1os teniendo como misi\u00f3n apoyar activamente&hellip;<\/p>\n","protected":false},"author":1,"featured_media":180,"parent":0,"menu_order":0,"comment_status":"closed","ping_status":"closed","template":"","meta":{"footnotes":""},"class_list":["post-78","page","type-page","status-publish","has-post-thumbnail","hentry"],"jetpack_sharing_enabled":true,"_links":{"self":[{"href":"http:\/\/jardinmacarena.cl\/jardin\/wp-json\/wp\/v2\/pages\/78","targetHints":{"allow":["GET"]}}],"collection":[{"href":"http:\/\/jardinmacarena.cl\/jardin\/wp-json\/wp\/v2\/pages"}],"about":[{"href":"http:\/\/jardinmacarena.cl\/jardin\/wp-json\/wp\/v2\/types\/page"}],"author":[{"embeddable":true,"href":"http:\/\/jardinmacarena.cl\/jardin\/wp-json\/wp\/v2\/users\/1"}],"replies":[{"embeddable":true,"href":"http:\/\/jardinmacarena.cl\/jardin\/wp-json\/wp\/v2\/comments?post=78"}],"version-history":[{"count":19,"href":"http:\/\/jardinmacarena.cl\/jardin\/wp-json\/wp\/v2\/pages\/78\/revisions"}],"predecessor-version":[{"id":450,"href":"http:\/\/jardinmacarena.cl\/jardin\/wp-json\/wp\/v2\/pages\/78\/revisions\/450"}],"wp:featuredmedia":[{"embeddable":true,"href":"http:\/\/jardinmacarena.cl\/jardin\/wp-json\/wp\/v2\/media\/180"}],"wp:attachment":[{"href":"http:\/\/jardinmacarena.cl\/jardin\/wp-json\/wp\/v2\/media?parent=78"}],"curies":[{"name":"wp","href":"https:\/\/api.w.org\/{rel}","templated":true}]}}